{"id":4647,"date":"2018-06-04T09:33:01","date_gmt":"2018-06-04T09:33:01","guid":{"rendered":"http:\/\/oliveirobra.dotpro.pt\/novo\/nouvelles\/"},"modified":"2026-03-02T09:24:25","modified_gmt":"2026-03-02T09:24:25","slug":"nouvelles","status":"publish","type":"page","link":"https:\/\/oliveirobra.pt\/fr\/nouvelles\/","title":{"rendered":"NOUVELLES"},"content":{"rendered":"<div class=\"wpb-content-wrapper\"><p>[vc_row type=\u00a0\u00bbvc_default\u00a0\u00bb full_width=\u00a0\u00bbstretch_row\u00a0\u00bb equal_height=\u00a0\u00bbyes\u00a0\u00bb][vc_column]<style type=\"text\/css\" data-type=\"the7_shortcodes-inline-css\">.blog-shortcode.blog-list-shortcode-id-d8c103251c3fda8d481ecd785011435a.dividers-on.classic-layout-list article {\n  margin-top: 15px;\n  padding-top: 0;\n}\n.blog-shortcode.blog-list-shortcode-id-d8c103251c3fda8d481ecd785011435a.dividers-on.classic-layout-list article:first-of-type {\n  margin-top: 0;\n  padding-top: 0;\n}\n.blog-shortcode.blog-list-shortcode-id-d8c103251c3fda8d481ecd785011435a.classic-layout-list.mode-list .post-thumbnail-wrap {\n  width: 20%;\n}\n.blog-shortcode.blog-list-shortcode-id-d8c103251c3fda8d481ecd785011435a.classic-layout-list.mode-list .post-entry-content {\n  width: calc(100% - 20%);\n}\n.blog-shortcode.blog-list-shortcode-id-d8c103251c3fda8d481ecd785011435a.classic-layout-list.mode-list .no-img .post-entry-content {\n  width: 100%;\n}\n.blog-shortcode.blog-list-shortcode-id-d8c103251c3fda8d481ecd785011435a .filter-bg-decoration .filter-categories a.act {\n  color: #fff;\n}\n.blog-shortcode.blog-list-shortcode-id-d8c103251c3fda8d481ecd785011435a:not(.mode-masonry) article {\n  margin-top: 15px;\n}\n.blog-shortcode.blog-list-shortcode-id-d8c103251c3fda8d481ecd785011435a:not(.mode-masonry) article:first-of-type,\n.blog-shortcode.blog-list-shortcode-id-d8c103251c3fda8d481ecd785011435a:not(.mode-masonry) article.visible.first:not(.product) {\n  margin-top: 0;\n}\n.blog-shortcode.blog-list-shortcode-id-d8c103251c3fda8d481ecd785011435a.dividers-on:not(.mode-masonry) article {\n  margin-top: 0;\n  padding-top: 15px;\n}\n.blog-shortcode.blog-list-shortcode-id-d8c103251c3fda8d481ecd785011435a.dividers-on:not(.mode-masonry) article:first-of-type,\n.blog-shortcode.blog-list-shortcode-id-d8c103251c3fda8d481ecd785011435a.dividers-on:not(.mode-masonry) article.visible.first:not(.product) {\n  margin-top: 0;\n  padding-top: 0;\n}\n.blog-shortcode.blog-list-shortcode-id-d8c103251c3fda8d481ecd785011435a .post-thumbnail-wrap {\n  padding: 15px 15px 15px 15px;\n}\n.blog-shortcode.blog-list-shortcode-id-d8c103251c3fda8d481ecd785011435a.enable-bg-rollover .post-thumbnail-rollover:after {\n  background: -webkit-linear-gradient();\n  background: linear-gradient();\n}\n.blog-shortcode.blog-list-shortcode-id-d8c103251c3fda8d481ecd785011435a .gallery-zoom-ico {\n  width: 44px;\n  height: 44px;\n  line-height: 44px;\n  border-radius: 100px;\n  margin: -22px 0 0 -22px;\n  border-width: 0px;\n  color: #ffffff;\n}\n.bottom-overlap-layout-list.blog-shortcode.blog-list-shortcode-id-d8c103251c3fda8d481ecd785011435a .gallery-zoom-ico {\n  margin-top: -22px;\n}\n.gradient-overlay-layout-list.blog-shortcode.blog-list-shortcode-id-d8c103251c3fda8d481ecd785011435a .gallery-zoom-ico,\n.content-rollover-layout-list.blog-shortcode.blog-list-shortcode-id-d8c103251c3fda8d481ecd785011435a .gallery-zoom-ico {\n  margin: 0 0 10px;\n}\n.content-align-center.gradient-overlay-layout-list.blog-shortcode.blog-list-shortcode-id-d8c103251c3fda8d481ecd785011435a .gallery-zoom-ico,\n.content-align-center.content-rollover-layout-list.blog-shortcode.blog-list-shortcode-id-d8c103251c3fda8d481ecd785011435a .gallery-zoom-ico {\n  margin: 0 auto 10px;\n}\n.dt-icon-bg-on.blog-shortcode.blog-list-shortcode-id-d8c103251c3fda8d481ecd785011435a .gallery-zoom-ico {\n  background: rgba(255,255,255,0.3);\n  box-shadow: none;\n}\n.blog-shortcode.blog-list-shortcode-id-d8c103251c3fda8d481ecd785011435a .gallery-zoom-ico > span,\n.blog-shortcode.blog-list-shortcode-id-d8c103251c3fda8d481ecd785011435a .gallery-zoom-ico:before {\n  font-size: 32px;\n  line-height: 44px;\n}\n.blog-shortcode.blog-list-shortcode-id-d8c103251c3fda8d481ecd785011435a .gallery-zoom-ico > span,\n.blog-shortcode.blog-list-shortcode-id-d8c103251c3fda8d481ecd785011435a .gallery-zoom-ico:before {\n  color: #ffffff;\n}\n.blog-shortcode.blog-list-shortcode-id-d8c103251c3fda8d481ecd785011435a .fancy-date a {\n  background: #ffffff;\n  box-shadow: none;\n}\n.blog-shortcode.blog-list-shortcode-id-d8c103251c3fda8d481ecd785011435a .fancy-date a * {\n  color: #2d2d2d;\n}\n.blog-shortcode.blog-list-shortcode-id-d8c103251c3fda8d481ecd785011435a .entry-title,\n.blog-shortcode.blog-list-shortcode-id-d8c103251c3fda8d481ecd785011435a.owl-carousel .entry-title {\n  margin-bottom: 5px;\n}\n.blog-shortcode.blog-list-shortcode-id-d8c103251c3fda8d481ecd785011435a .entry-meta {\n  margin-bottom: 15px;\n}\n.blog-shortcode.blog-list-shortcode-id-d8c103251c3fda8d481ecd785011435a .portfolio-categories {\n  margin-bottom: 15px;\n}\n.blog-shortcode.blog-list-shortcode-id-d8c103251c3fda8d481ecd785011435a .entry-excerpt {\n  margin-bottom: 5px;\n}\n.blog-shortcode.blog-list-shortcode-id-d8c103251c3fda8d481ecd785011435a:not(.centered-layout-list) .post-entry-content {\n  padding: 0px 0px 0px 0px;\n}\n.blog-shortcode.blog-list-shortcode-id-d8c103251c3fda8d481ecd785011435a:not(.centered-layout-list):not(.content-bg-on):not(.mode-list) .no-img .post-entry-content {\n  padding: 0;\n}\n@media screen and (max-width: 768px) {\n  .blog-shortcode.blog-list-shortcode-id-d8c103251c3fda8d481ecd785011435a article {\n    -ms-flex-flow: column nowrap;\n    flex-flow: column nowrap;\n    margin-top: 20px;\n  }\n  .blog-shortcode.blog-list-shortcode-id-d8c103251c3fda8d481ecd785011435a.dividers-on article {\n    border: none;\n  }\n  .blog-shortcode.blog-list-shortcode-id-d8c103251c3fda8d481ecd785011435a.content-bg-on.centered-layout-list article {\n    padding: 0;\n  }\n  .blog-shortcode.blog-list-shortcode-id-d8c103251c3fda8d481ecd785011435a.blog-shortcode.dividers-on article,\n  .blog-shortcode.blog-list-shortcode-id-d8c103251c3fda8d481ecd785011435a.dividers-on.classic-layout-list article {\n    margin-top: 20px;\n    padding: 0;\n  }\n  .blog-shortcode.blog-list-shortcode-id-d8c103251c3fda8d481ecd785011435a.blog-shortcode.dividers-on article:first-of-type,\n  .blog-shortcode.blog-list-shortcode-id-d8c103251c3fda8d481ecd785011435a.dividers-on.classic-layout-list article:first-of-type {\n    padding: 0;\n  }\n  #page .blog-shortcode.blog-list-shortcode-id-d8c103251c3fda8d481ecd785011435a .post-thumbnail-wrap,\n  #page .blog-shortcode.blog-list-shortcode-id-d8c103251c3fda8d481ecd785011435a .post-entry-content {\n    width: 100%;\n    margin: 0;\n    top: 0;\n  }\n  #page .blog-shortcode.blog-list-shortcode-id-d8c103251c3fda8d481ecd785011435a .post-thumbnail-wrap {\n    padding: 0;\n  }\n  #page .blog-shortcode.blog-list-shortcode-id-d8c103251c3fda8d481ecd785011435a .post-entry-content:after {\n    display: none;\n  }\n  #page .blog-shortcode.blog-list-shortcode-id-d8c103251c3fda8d481ecd785011435a .project-even .post-thumbnail-wrap,\n  #page .blog-shortcode.blog-list-shortcode-id-d8c103251c3fda8d481ecd785011435a.centered-layout-list .post-thumbnail-wrap {\n    -ms-flex-order: 0;\n    order: 0;\n  }\n  #page .blog-shortcode.blog-list-shortcode-id-d8c103251c3fda8d481ecd785011435a.centered-layout-list .post-entry-title-content {\n    -ms-flex-order: 1;\n    order: 1;\n    width: 100%;\n    padding: 20px 20px 0;\n  }\n  #page .blog-shortcode.blog-list-shortcode-id-d8c103251c3fda8d481ecd785011435a.centered-layout-list .post-entry-content {\n    -ms-flex-order: 2;\n    order: 2;\n    padding-top: 0;\n  }\n  #page .blog-shortcode.blog-list-shortcode-id-d8c103251c3fda8d481ecd785011435a .fancy-categories {\n    top: 10px;\n    left: 10px;\n    bottom: auto;\n    right: auto;\n  }\n  #page .blog-shortcode.blog-list-shortcode-id-d8c103251c3fda8d481ecd785011435a .fancy-date a {\n    top: 10px;\n    right: 10px;\n    left: auto;\n    bottom: auto;\n  }\n  #page .blog-shortcode.blog-list-shortcode-id-d8c103251c3fda8d481ecd785011435a .post-entry-content {\n    padding: 20px;\n  }\n  #page .blog-shortcode.blog-list-shortcode-id-d8c103251c3fda8d481ecd785011435a .entry-title {\n    margin: 3px 0 5px;\n    font-size: 20px;\n    line-height: 26px;\n  }\n  #page .blog-shortcode.blog-list-shortcode-id-d8c103251c3fda8d481ecd785011435a .entry-meta {\n    margin: 5px 0 5px;\n  }\n  #page .blog-shortcode.blog-list-shortcode-id-d8c103251c3fda8d481ecd785011435a .entry-excerpt {\n    margin: 15px 0 0;\n  }\n  #page .blog-shortcode.blog-list-shortcode-id-d8c103251c3fda8d481ecd785011435a .post-details {\n    margin: 5px 0 10px;\n  }\n  #page .blog-shortcode.blog-list-shortcode-id-d8c103251c3fda8d481ecd785011435a .post-details.details-type-link {\n    margin-bottom: 2px;\n  }\n}<\/style><div class=\"articles-list blog-shortcode mode-list blog-list-shortcode-id-d8c103251c3fda8d481ecd785011435a classic-layout-list dividers-on jquery-filter dt-icon-bg-off vertical-fancy-style loading-effect-fade-in\" data-cur-page=\"1\" data-post-limit=\"-1\" data-pagination-mode=\"none\"><article class=\"post project-odd visible post-8799 type-post status-publish format-standard has-post-thumbnail hentry category-nouvelles-fr category-82 description-off\" data-name=\"PME Leader&rsquo; 2025\" data-date=\"2026-03-04T12:00:34+00:00\">\n\n<div class=\"post-thumbnail-wrap\">\n\t<div class=\"post-thumbnail\">\n\n\t\t\n\t\t\n\t\t<a href=\"https:\/\/oliveirobra.pt\/fr\/pme-leader-2025\/\" class=\"post-thumbnail-rollover layzr-bg layzr-bg\" ><img fetchpriority=\"high\" decoding=\"async\" class=\"blog-thumb-lazy-load preload-me lazy-load aspect\" src=\"data:image\/svg+xml,%3Csvg%20xmlns%3D&#39;http%3A%2F%2Fwww.w3.org%2F2000%2Fsvg&#39;%20viewBox%3D&#39;0%200%20768%20512&#39;%2F%3E\" data-src=\"https:\/\/oliveirobra.pt\/wp-content\/uploads\/2026\/03\/PME-Lider-2025-capa-noticia-4-768x512.png\" data-srcset=\"https:\/\/oliveirobra.pt\/wp-content\/uploads\/2026\/03\/PME-Lider-2025-capa-noticia-4-768x512.png 768w, https:\/\/oliveirobra.pt\/wp-content\/uploads\/2026\/03\/PME-Lider-2025-capa-noticia-4.png 840w\" loading=\"eager\" style=\"--ratio: 768 \/ 512\" sizes=\"(max-width: 768px) 100vw, 768px\" alt=\"\" title=\"PME Lider 2025+ capa noticia\" width=\"768\" height=\"512\"  \/><\/a>\n\t<\/div>\n<\/div>\n\n\n<div class=\"post-entry-content\">\n\n\t<h3 class=\"entry-title\">\n\t\t<a href=\"https:\/\/oliveirobra.pt\/fr\/pme-leader-2025\/\" title=\"PME Leader&rsquo; 2025\" rel=\"bookmark\">PME Leader&rsquo; 2025<\/a>\n\t<\/h3>\n\n\t<div class=\"entry-meta\"><span class=\"category-link\"><a href=\"https:\/\/oliveirobra.pt\/fr\/category\/nouvelles-fr\/\" >Nouvelles<\/a><\/span><\/div>\n\t<div class=\"entry-excerpt\"><p>[vc_row][vc_column width=\u00a0\u00bb1\/3&Prime;][vc_single_image image=\u00a0\u00bb8805&Prime; img_size=\u00a0\u00bblarge\u00a0\u00bb css=\u00a0\u00bb\u00a0\u00bb][\/vc_column][vc_column width=\u00a0\u00bb2\/3&Prime;][vc_column_text css=\u00a0\u00bb\u00a0\u00bb] F\u00e9licitations \u00e0 Oliveirobra PME Leader 2025 (PME Leader pour la 10e fois) Le label PME Leader, cr\u00e9\u00e9 par l&rsquo;IAPMEI, r\u00e9compense les PME nationales affichant des performances \u00e9conomiques et\u2026<\/p>\n<\/div>\n\t\n<a href=\"https:\/\/oliveirobra.pt\/fr\/pme-leader-2025\/\" class=\"post-details details-type-link\" aria-label=\"Read more about PME Leader&rsquo; 2025\">Ler Mais<i class=\"dt-icon-the7-arrow-03\" aria-hidden=\"true\"><\/i><\/a>\n\n<\/div><\/article><article class=\"post project-odd visible post-8496 type-post status-publish format-standard has-post-thumbnail hentry category-nouvelles-fr category-82 description-off\" data-name=\"PME leader&rsquo; 2023\" data-date=\"2024-09-03T09:16:13+00:00\">\n\n<div class=\"post-thumbnail-wrap\">\n\t<div class=\"post-thumbnail\">\n\n\t\t\n\t\t\n\t\t<a href=\"https:\/\/oliveirobra.pt\/fr\/pme-leader-2023\/\" class=\"post-thumbnail-rollover layzr-bg layzr-bg\" ><img decoding=\"async\" class=\"blog-thumb-lazy-load preload-me lazy-load aspect\" src=\"data:image\/svg+xml,%3Csvg%20xmlns%3D&#39;http%3A%2F%2Fwww.w3.org%2F2000%2Fsvg&#39;%20viewBox%3D&#39;0%200%20768%20512&#39;%2F%3E\" data-src=\"https:\/\/oliveirobra.pt\/wp-content\/uploads\/2024\/09\/456425865_1043474584452363_5639483694745313351_n-768x512.jpg\" data-srcset=\"https:\/\/oliveirobra.pt\/wp-content\/uploads\/2024\/09\/456425865_1043474584452363_5639483694745313351_n-768x512.jpg 768w, https:\/\/oliveirobra.pt\/wp-content\/uploads\/2024\/09\/456425865_1043474584452363_5639483694745313351_n-1080x719.jpg 1080w\" loading=\"eager\" style=\"--ratio: 768 \/ 512\" sizes=\"(max-width: 768px) 100vw, 768px\" alt=\"\" title=\"456425865_1043474584452363_5639483694745313351_n\" width=\"768\" height=\"512\"  \/><\/a>\n\t<\/div>\n<\/div>\n\n\n<div class=\"post-entry-content\">\n\n\t<h3 class=\"entry-title\">\n\t\t<a href=\"https:\/\/oliveirobra.pt\/fr\/pme-leader-2023\/\" title=\"PME leader&rsquo; 2023\" rel=\"bookmark\">PME leader&rsquo; 2023<\/a>\n\t<\/h3>\n\n\t<div class=\"entry-meta\"><span class=\"category-link\"><a href=\"https:\/\/oliveirobra.pt\/fr\/category\/nouvelles-fr\/\" >Nouvelles<\/a><\/span><\/div>\n\t<div class=\"entry-excerpt\"><p>[vc_row][vc_column width=\u00a0\u00bb1\/3&Prime;][vc_single_image image=\u00a0\u00bb8499&Prime; img_size=\u00a0\u00bblarge\u00a0\u00bb css=\u00a0\u00bb\u00a0\u00bb][\/vc_column][vc_column width=\u00a0\u00bb2\/3&Prime;][vc_column_text css=\u00a0\u00bb\u00a0\u00bb] \u00a0F\u00e9licitations \u00e0 Oliveirobra\u00a0 PME Leader 2023 (PME Leader pour la 8e fois) \u00a0Le label PME Leader, cr\u00e9\u00e9 par l\u2019IAPMEI, r\u00e9compense les PME nationales affichant des performances \u00e9conomiques et\u2026<\/p>\n<\/div>\n\t\n<a href=\"https:\/\/oliveirobra.pt\/fr\/pme-leader-2023\/\" class=\"post-details details-type-link\" aria-label=\"Read more about PME leader&rsquo; 2023\">Ler Mais<i class=\"dt-icon-the7-arrow-03\" aria-hidden=\"true\"><\/i><\/a>\n\n<\/div><\/article><article class=\"post project-odd visible post-6390 type-post status-publish format-standard has-post-thumbnail hentry category-nouvelles-fr category-82 description-off\" data-name=\"PME LIDER 2020\" data-date=\"2020-11-27T10:18:56+00:00\">\n\n<div class=\"post-thumbnail-wrap\">\n\t<div class=\"post-thumbnail\">\n\n\t\t\n\t\t\n\t\t<a href=\"https:\/\/oliveirobra.pt\/fr\/pme-lider-2020\/\" class=\"post-thumbnail-rollover layzr-bg layzr-bg\" ><img decoding=\"async\" class=\"blog-thumb-lazy-load preload-me lazy-load aspect\" src=\"data:image\/svg+xml,%3Csvg%20xmlns%3D&#39;http%3A%2F%2Fwww.w3.org%2F2000%2Fsvg&#39;%20viewBox%3D&#39;0%200%20768%20512&#39;%2F%3E\" data-src=\"https:\/\/oliveirobra.pt\/wp-content\/uploads\/2020\/11\/LIder20-1-768x512.jpg\" data-srcset=\"https:\/\/oliveirobra.pt\/wp-content\/uploads\/2020\/11\/LIder20-1-768x512.jpg 768w, https:\/\/oliveirobra.pt\/wp-content\/uploads\/2020\/11\/LIder20-1-1306x870.jpg 1306w\" loading=\"eager\" style=\"--ratio: 768 \/ 512\" sizes=\"(max-width: 768px) 100vw, 768px\" alt=\"\" title=\"LIder20\" width=\"768\" height=\"512\"  \/><\/a>\n\t<\/div>\n<\/div>\n\n\n<div class=\"post-entry-content\">\n\n\t<h3 class=\"entry-title\">\n\t\t<a href=\"https:\/\/oliveirobra.pt\/fr\/pme-lider-2020\/\" title=\"PME LIDER 2020\" rel=\"bookmark\">PME LIDER 2020<\/a>\n\t<\/h3>\n\n\t<div class=\"entry-meta\"><span class=\"category-link\"><a href=\"https:\/\/oliveirobra.pt\/fr\/category\/nouvelles-fr\/\" >Nouvelles<\/a><\/span><\/div>\n\t<div class=\"entry-excerpt\"><p>[vc_row][vc_column width=\u00a0\u00bb1\/4&Prime;][vc_single_image image=\u00a0\u00bb6524&Prime; img_size=\u00a0\u00bbmedium\u00a0\u00bb][\/vc_column][vc_column width=\u00a0\u00bb3\/4&Prime;][vc_column_text]C&rsquo;est avec une grande fiert\u00e9 que Oliveirobra \u2013 Constructions M\u00e9talliques annonce le maintien du Statut de PME Leader. Nous vous annon\u00e7ons l&rsquo;attribution du Statut PME Leader 2020.[\/vc_column_text][\/vc_column][\/vc_row]<\/p>\n<\/div>\n\t\n<a href=\"https:\/\/oliveirobra.pt\/fr\/pme-lider-2020\/\" class=\"post-details details-type-link\" aria-label=\"Read more about PME LIDER 2020\">Ler Mais<i class=\"dt-icon-the7-arrow-03\" aria-hidden=\"true\"><\/i><\/a>\n\n<\/div><\/article><article class=\"post project-odd visible post-6346 type-post status-publish format-standard has-post-thumbnail hentry category-nouvelles-fr category-82 description-off\" data-name=\"Renouvellement de la certification NP EN ISO 9001: 2015 et du marquage CE &#8211; EN 1090-1: 2009 + A1: 2011 (EXC3)\" data-date=\"2020-10-13T16:48:39+00:00\">\n\n<div class=\"post-thumbnail-wrap\">\n\t<div class=\"post-thumbnail\">\n\n\t\t\n\t\t\n\t\t<a href=\"https:\/\/oliveirobra.pt\/fr\/renouvellement-de-la-certification-np-en-iso-9001-2015-et-du-marquage-ce-en-1090-1-2009-a1-2011-exc3\/\" class=\"post-thumbnail-rollover layzr-bg layzr-bg\" ><img decoding=\"async\" class=\"blog-thumb-lazy-load preload-me lazy-load aspect\" src=\"data:image\/svg+xml,%3Csvg%20xmlns%3D&#39;http%3A%2F%2Fwww.w3.org%2F2000%2Fsvg&#39;%20viewBox%3D&#39;0%200%20768%20512&#39;%2F%3E\" data-src=\"https:\/\/oliveirobra.pt\/wp-content\/uploads\/2020\/10\/cert-icoArtboard-1-80-768x512.jpg\" data-srcset=\"https:\/\/oliveirobra.pt\/wp-content\/uploads\/2020\/10\/cert-icoArtboard-1-80-768x512.jpg 768w, https:\/\/oliveirobra.pt\/wp-content\/uploads\/2020\/10\/cert-icoArtboard-1-80-1306x870.jpg 1306w\" loading=\"eager\" style=\"--ratio: 768 \/ 512\" sizes=\"(max-width: 768px) 100vw, 768px\" alt=\"\" title=\"cert-icoArtboard 1-80\" width=\"768\" height=\"512\"  \/><\/a>\n\t<\/div>\n<\/div>\n\n\n<div class=\"post-entry-content\">\n\n\t<h3 class=\"entry-title\">\n\t\t<a href=\"https:\/\/oliveirobra.pt\/fr\/renouvellement-de-la-certification-np-en-iso-9001-2015-et-du-marquage-ce-en-1090-1-2009-a1-2011-exc3\/\" title=\"Renouvellement de la certification NP EN ISO 9001: 2015 et du marquage CE &#8211; EN 1090-1: 2009 + A1: 2011 (EXC3)\" rel=\"bookmark\">Renouvellement de la certification NP EN ISO 9001: 2015 et du marquage CE &#8211; EN 1090-1: 2009 + A1: 2011 (EXC3)<\/a>\n\t<\/h3>\n\n\t<div class=\"entry-meta\"><span class=\"category-link\"><a href=\"https:\/\/oliveirobra.pt\/fr\/category\/nouvelles-fr\/\" >Nouvelles<\/a><\/span><\/div>\n\t<div class=\"entry-excerpt\"><p>[vc_row][vc_column][vc_column_text]C&rsquo;est avec satisfaction que la certification du Syst\u00e8me de Management de la Qualit\u00e9 a \u00e9t\u00e9 renouvel\u00e9e conform\u00e9ment \u00e0 la norme NP EN ISO 9001: 2015. L&rsquo;entreprise est actuellement certifi\u00e9e par la norme NP EN 1090-1:\u2026<\/p>\n<\/div>\n\t\n<a href=\"https:\/\/oliveirobra.pt\/fr\/renouvellement-de-la-certification-np-en-iso-9001-2015-et-du-marquage-ce-en-1090-1-2009-a1-2011-exc3\/\" class=\"post-details details-type-link\" aria-label=\"Read more about Renouvellement de la certification NP EN ISO 9001: 2015 et du marquage CE &#8211; EN 1090-1: 2009 + A1: 2011 (EXC3)\">Ler Mais<i class=\"dt-icon-the7-arrow-03\" aria-hidden=\"true\"><\/i><\/a>\n\n<\/div><\/article><article class=\"post project-odd visible no-img post-6374 type-post status-publish format-standard hentry category-nouvelles-fr category-82 description-off\" data-name=\"Oliveirobra\u00ae &#8211; Marque d\u00e9pos\u00e9e\" data-date=\"2020-09-17T17:01:11+00:00\">\n\n<div class=\"post-entry-content\">\n\n\t<h3 class=\"entry-title\">\n\t\t<a href=\"https:\/\/oliveirobra.pt\/fr\/oliveirobra-marque-deposee\/\" title=\"Oliveirobra\u00ae &#8211; Marque d\u00e9pos\u00e9e\" rel=\"bookmark\">Oliveirobra\u00ae &#8211; Marque d\u00e9pos\u00e9e<\/a>\n\t<\/h3>\n\n\t<div class=\"entry-meta\"><span class=\"category-link\"><a href=\"https:\/\/oliveirobra.pt\/fr\/category\/nouvelles-fr\/\" >Nouvelles<\/a><\/span><\/div>\n\t<div class=\"entry-excerpt\"><p>[vc_row][vc_column][vc_column_text]F\u00e9licitations \u00e0 OLIVEIROBRA! L&rsquo;Institut de l&rsquo;Union europ\u00e9enne pour la propri\u00e9t\u00e9 intellectuelle a d\u00e9livr\u00e9 le certificat d&rsquo;enregistrement de la marque n. 018235922 au 25\/08\/2020. La m\u00eame chose est en place pour les 10 prochaines ann\u00e9es.[\/vc_column_text][vc_row_inner][vc_column_inner width=\u00a0\u00bb1\/6&Prime;][\/vc_column_inner][vc_column_inner\u2026<\/p>\n<\/div>\n\t\n<a href=\"https:\/\/oliveirobra.pt\/fr\/oliveirobra-marque-deposee\/\" class=\"post-details details-type-link\" aria-label=\"Read more about Oliveirobra\u00ae &#8211; Marque d\u00e9pos\u00e9e\">Ler Mais<i class=\"dt-icon-the7-arrow-03\" aria-hidden=\"true\"><\/i><\/a>\n\n<\/div><\/article><article class=\"post project-odd visible post-4333 type-post status-publish format-standard has-post-thumbnail hentry category-nouvelles-fr category-82 description-off\" data-name=\"Certification de la soci\u00e9t\u00e9 NP en ISO 9001:2015 et en 1090-1:2009 + A1:2011\" data-date=\"2018-11-17T10:42:17+00:00\">\n\n<div class=\"post-thumbnail-wrap\">\n\t<div class=\"post-thumbnail\">\n\n\t\t\n\t\t\n\t\t<a href=\"https:\/\/oliveirobra.pt\/fr\/certification-de-la-societe-np-en-iso-90012015-et-en-1090-12009-a12011\/\" class=\"post-thumbnail-rollover layzr-bg layzr-bg\" ><img decoding=\"async\" class=\"blog-thumb-lazy-load preload-me lazy-load aspect\" src=\"data:image\/svg+xml,%3Csvg%20xmlns%3D&#39;http%3A%2F%2Fwww.w3.org%2F2000%2Fsvg&#39;%20viewBox%3D&#39;0%200%20768%20512&#39;%2F%3E\" data-src=\"https:\/\/oliveirobra.pt\/wp-content\/uploads\/2018\/01\/certif_apcer-1000x1000-768x512.jpg\" data-srcset=\"https:\/\/oliveirobra.pt\/wp-content\/uploads\/2018\/01\/certif_apcer-1000x1000-768x512.jpg 768w, https:\/\/oliveirobra.pt\/wp-content\/uploads\/2018\/01\/certif_apcer-1000x1000-1030x686.jpg 1030w\" loading=\"eager\" style=\"--ratio: 768 \/ 512\" sizes=\"(max-width: 768px) 100vw, 768px\" alt=\"\" title=\"certif_apcer-1000&#215;1000\" width=\"768\" height=\"512\"  \/><\/a>\n\t<\/div>\n<\/div>\n\n\n<div class=\"post-entry-content\">\n\n\t<h3 class=\"entry-title\">\n\t\t<a href=\"https:\/\/oliveirobra.pt\/fr\/certification-de-la-societe-np-en-iso-90012015-et-en-1090-12009-a12011\/\" title=\"Certification de la soci\u00e9t\u00e9 NP en ISO 9001:2015 et en 1090-1:2009 + A1:2011\" rel=\"bookmark\">Certification de la soci\u00e9t\u00e9 NP en ISO 9001:2015 et en 1090-1:2009 + A1:2011<\/a>\n\t<\/h3>\n\n\t<div class=\"entry-meta\"><span class=\"category-link\"><a href=\"https:\/\/oliveirobra.pt\/fr\/category\/nouvelles-fr\/\" >Nouvelles<\/a><\/span><\/div>\n\t<div class=\"entry-excerpt\"><p>[vc_row margin_top=\u00a0\u00bb-25&Prime;][vc_column width=\u00a0\u00bb1\/4&Prime; css=\u00a0\u00bb.vc_custom_1550751686448{padding-top: 35px !important;padding-right: 35px !important;padding-bottom: 35px !important;padding-left: 35px !important;}\u00a0\u00bb][vc_single_image image=\u00a0\u00bb2603&Prime; img_size=\u00a0\u00bblarge\u00a0\u00bb alignment=\u00a0\u00bbcenter\u00a0\u00bb onclick=\u00a0\u00bblink_image\u00a0\u00bb][vc_row_inner][vc_column_inner width=\u00a0\u00bb1\/2&Prime;][vc_single_image image=\u00a0\u00bb41&Prime; img_size=\u00a0\u00bblarge\u00a0\u00bb alignment=\u00a0\u00bbcenter\u00a0\u00bb][\/vc_column_inner][vc_column_inner width=\u00a0\u00bb1\/2&Prime;][vc_single_image image=\u00a0\u00bb2697&Prime; img_size=\u00a0\u00bblarge\u00a0\u00bb alignment=\u00a0\u00bbcenter\u00a0\u00bb][\/vc_column_inner][\/vc_row_inner][\/vc_column][vc_column width=\u00a0\u00bb3\/4&Prime;][vc_column_text]C\u2019est avec fiert\u00e9 que oliveirobra remplit les conditions n\u00e9cessaires pour la\u2026<\/p>\n<\/div>\n\t\n<a href=\"https:\/\/oliveirobra.pt\/fr\/certification-de-la-societe-np-en-iso-90012015-et-en-1090-12009-a12011\/\" class=\"post-details details-type-link\" aria-label=\"Read more about Certification de la soci\u00e9t\u00e9 NP en ISO 9001:2015 et en 1090-1:2009 + A1:2011\">Ler Mais<i class=\"dt-icon-the7-arrow-03\" aria-hidden=\"true\"><\/i><\/a>\n\n<\/div><\/article><article class=\"post project-odd visible post-4328 type-post status-publish format-standard has-post-thumbnail hentry category-nouvelles-fr category-82 description-off\" data-name=\"Formation \u00e0 la s\u00e9curit\u00e9 et \u00e0 la sant\u00e9 au travail\" data-date=\"2018-11-17T10:35:38+00:00\">\n\n<div class=\"post-thumbnail-wrap\">\n\t<div class=\"post-thumbnail\">\n\n\t\t\n\t\t\n\t\t<a href=\"https:\/\/oliveirobra.pt\/fr\/formation-a-la-securite-et-a-la-sante-au-travail\/\" class=\"post-thumbnail-rollover layzr-bg layzr-bg\" ><img decoding=\"async\" class=\"blog-thumb-lazy-load preload-me lazy-load aspect\" src=\"data:image\/svg+xml,%3Csvg%20xmlns%3D&#39;http%3A%2F%2Fwww.w3.org%2F2000%2Fsvg&#39;%20viewBox%3D&#39;0%200%20449%20300&#39;%2F%3E\" data-src=\"https:\/\/oliveirobra.pt\/wp-content\/uploads\/2018\/05\/logo-oliveirobra@2x-449x300.png\" data-srcset=\"https:\/\/oliveirobra.pt\/wp-content\/uploads\/2018\/05\/logo-oliveirobra@2x-449x300.png 449w, https:\/\/oliveirobra.pt\/wp-content\/uploads\/2018\/05\/logo-oliveirobra@2x-450x300.png 450w\" loading=\"eager\" style=\"--ratio: 449 \/ 300\" sizes=\"(max-width: 449px) 100vw, 449px\" alt=\"\" title=\"logo oliveirobra@2x\" width=\"449\" height=\"300\"  \/><\/a>\n\t<\/div>\n<\/div>\n\n\n<div class=\"post-entry-content\">\n\n\t<h3 class=\"entry-title\">\n\t\t<a href=\"https:\/\/oliveirobra.pt\/fr\/formation-a-la-securite-et-a-la-sante-au-travail\/\" title=\"Formation \u00e0 la s\u00e9curit\u00e9 et \u00e0 la sant\u00e9 au travail\" rel=\"bookmark\">Formation \u00e0 la s\u00e9curit\u00e9 et \u00e0 la sant\u00e9 au travail<\/a>\n\t<\/h3>\n\n\t<div class=\"entry-meta\"><span class=\"category-link\"><a href=\"https:\/\/oliveirobra.pt\/fr\/category\/nouvelles-fr\/\" >Nouvelles<\/a><\/span><\/div>\n\t<div class=\"entry-excerpt\"><p>[vc_row][vc_column width=\u00a0\u00bb1\/3&Prime;][vc_single_image image=\u00a0\u00bb10&Prime; img_size=\u00a0\u00bblarge\u00a0\u00bb][\/vc_column][vc_column width=\u00a0\u00bb2\/3&Prime;][vc_column_text]Oliveirobra a promu la formation dans le domaine de la s\u00e9curit\u00e9 et de la sant\u00e9 au travail dans le cadre d\u2019une entreprise, le 10 novembre dernier, 2018, le matin, dans ses\u2026<\/p>\n<\/div>\n\t\n<a href=\"https:\/\/oliveirobra.pt\/fr\/formation-a-la-securite-et-a-la-sante-au-travail\/\" class=\"post-details details-type-link\" aria-label=\"Read more about Formation \u00e0 la s\u00e9curit\u00e9 et \u00e0 la sant\u00e9 au travail\">Ler Mais<i class=\"dt-icon-the7-arrow-03\" aria-hidden=\"true\"><\/i><\/a>\n\n<\/div><\/article><article class=\"post project-odd visible post-4331 type-post status-publish format-standard has-post-thumbnail hentry category-nouvelles-fr category-82 description-off\" data-name=\"PME leader&rsquo; 2018\" data-date=\"2018-08-16T10:00:49+00:00\">\n\n<div class=\"post-thumbnail-wrap\">\n\t<div class=\"post-thumbnail\">\n\n\t\t\n\t\t\n\t\t<a href=\"https:\/\/oliveirobra.pt\/fr\/pme-leader-2018\/\" class=\"post-thumbnail-rollover layzr-bg layzr-bg\" ><img decoding=\"async\" class=\"blog-thumb-lazy-load preload-me lazy-load aspect\" src=\"data:image\/svg+xml,%3Csvg%20xmlns%3D&#39;http%3A%2F%2Fwww.w3.org%2F2000%2Fsvg&#39;%20viewBox%3D&#39;0%200%20768%20512&#39;%2F%3E\" data-src=\"https:\/\/oliveirobra.pt\/wp-content\/uploads\/2018\/11\/PME2018-768x512.jpg\" data-srcset=\"https:\/\/oliveirobra.pt\/wp-content\/uploads\/2018\/11\/PME2018-768x512.jpg 768w, https:\/\/oliveirobra.pt\/wp-content\/uploads\/2018\/11\/PME2018-1000x666.jpg 1000w\" loading=\"eager\" style=\"--ratio: 768 \/ 512\" sizes=\"(max-width: 768px) 100vw, 768px\" alt=\"\" title=\"PME2018\" width=\"768\" height=\"512\"  \/><\/a>\n\t<\/div>\n<\/div>\n\n\n<div class=\"post-entry-content\">\n\n\t<h3 class=\"entry-title\">\n\t\t<a href=\"https:\/\/oliveirobra.pt\/fr\/pme-leader-2018\/\" title=\"PME leader&rsquo; 2018\" rel=\"bookmark\">PME leader&rsquo; 2018<\/a>\n\t<\/h3>\n\n\t<div class=\"entry-meta\"><span class=\"category-link\"><a href=\"https:\/\/oliveirobra.pt\/fr\/category\/nouvelles-fr\/\" >Nouvelles<\/a><\/span><\/div>\n\t<div class=\"entry-excerpt\"><p>[vc_row][vc_column width=\u00a0\u00bb1\/3&Prime;][vc_single_image image=\u00a0\u00bb4122&Prime; img_size=\u00a0\u00bblarge\u00a0\u00bb][\/vc_column][vc_column width=\u00a0\u00bb2\/3&Prime;][vc_column_text]C\u2019est avec une grande fiert\u00e9 que Oliveirobra-Constru\u00e7\u00f5es Met\u00e1licas LDA annonce le prix du statut de leader PME en 2018 pour la troisi\u00e8me ann\u00e9e cons\u00e9cutive.[\/vc_column_text][\/vc_column][\/vc_row]<\/p>\n<\/div>\n\t\n<a href=\"https:\/\/oliveirobra.pt\/fr\/pme-leader-2018\/\" class=\"post-details details-type-link\" aria-label=\"Read more about PME leader&rsquo; 2018\">Ler Mais<i class=\"dt-icon-the7-arrow-03\" aria-hidden=\"true\"><\/i><\/a>\n\n<\/div><\/article><article class=\"post project-odd visible post-4336 type-post status-publish format-standard has-post-thumbnail hentry category-nouvelles-fr category-82 description-off\" data-name=\"Joyeuses F\u00eates\" data-date=\"2017-12-20T13:18:18+00:00\">\n\n<div class=\"post-thumbnail-wrap\">\n\t<div class=\"post-thumbnail\">\n\n\t\t\n\t\t\n\t\t<a href=\"https:\/\/oliveirobra.pt\/fr\/joyeuses-fetes\/\" class=\"post-thumbnail-rollover layzr-bg layzr-bg\" ><img decoding=\"async\" class=\"blog-thumb-lazy-load preload-me lazy-load aspect\" src=\"data:image\/svg+xml,%3Csvg%20xmlns%3D&#39;http%3A%2F%2Fwww.w3.org%2F2000%2Fsvg&#39;%20viewBox%3D&#39;0%200%20768%20512&#39;%2F%3E\" data-src=\"https:\/\/oliveirobra.pt\/wp-content\/uploads\/2017\/12\/festas-768x512.jpg\" data-srcset=\"https:\/\/oliveirobra.pt\/wp-content\/uploads\/2017\/12\/festas-768x512.jpg 768w, https:\/\/oliveirobra.pt\/wp-content\/uploads\/2017\/12\/festas-1000x666.jpg 1000w\" loading=\"eager\" style=\"--ratio: 768 \/ 512\" sizes=\"(max-width: 768px) 100vw, 768px\" alt=\"\" title=\"festas\" width=\"768\" height=\"512\"  \/><\/a>\n\t<\/div>\n<\/div>\n\n\n<div class=\"post-entry-content\">\n\n\t<h3 class=\"entry-title\">\n\t\t<a href=\"https:\/\/oliveirobra.pt\/fr\/joyeuses-fetes\/\" title=\"Joyeuses F\u00eates\" rel=\"bookmark\">Joyeuses F\u00eates<\/a>\n\t<\/h3>\n\n\t<div class=\"entry-meta\"><span class=\"category-link\"><a href=\"https:\/\/oliveirobra.pt\/fr\/category\/nouvelles-fr\/\" >Nouvelles<\/a><\/span><\/div>\n\t<div class=\"entry-excerpt\"><p>[vc_row][vc_column width=\u00a0\u00bb1\/3&Prime;][vc_single_image image=\u00a0\u00bb2600&Prime; img_size=\u00a0\u00bblarge\u00a0\u00bb][\/vc_column][vc_column width=\u00a0\u00bb2\/3&Prime;][vc_column_text]Oliveirobra Constru\u00e7\u00f5es met\u00e1licas, Lda souhaite \u00e0 tous ses employ\u00e9s, clients, fournisseurs et autres partenaires d\u2019affaires un joyeux No\u00ebl et une ann\u00e9e prosp\u00e8re de 2018.[\/vc_column_text][\/vc_column][\/vc_row]<\/p>\n<\/div>\n\t\n<a href=\"https:\/\/oliveirobra.pt\/fr\/joyeuses-fetes\/\" class=\"post-details details-type-link\" aria-label=\"Read more about Joyeuses F\u00eates\">Ler Mais<i class=\"dt-icon-the7-arrow-03\" aria-hidden=\"true\"><\/i><\/a>\n\n<\/div><\/article><article class=\"post project-odd visible post-4339 type-post status-publish format-standard has-post-thumbnail hentry category-nouvelles-fr category-82 description-off\" data-name=\"PME leader&rsquo; 2017\" data-date=\"2017-11-17T15:48:46+00:00\">\n\n<div class=\"post-thumbnail-wrap\">\n\t<div class=\"post-thumbnail\">\n\n\t\t\n\t\t\n\t\t<a href=\"https:\/\/oliveirobra.pt\/fr\/pme-leader-2017\/\" class=\"post-thumbnail-rollover layzr-bg layzr-bg\" ><img decoding=\"async\" class=\"blog-thumb-lazy-load preload-me lazy-load aspect\" src=\"data:image\/svg+xml,%3Csvg%20xmlns%3D&#39;http%3A%2F%2Fwww.w3.org%2F2000%2Fsvg&#39;%20viewBox%3D&#39;0%200%20768%20512&#39;%2F%3E\" data-src=\"https:\/\/oliveirobra.pt\/wp-content\/uploads\/2017\/11\/iso-768x512.jpg\" data-srcset=\"https:\/\/oliveirobra.pt\/wp-content\/uploads\/2017\/11\/iso-768x512.jpg 768w, https:\/\/oliveirobra.pt\/wp-content\/uploads\/2017\/11\/iso-1000x666.jpg 1000w\" loading=\"eager\" style=\"--ratio: 768 \/ 512\" sizes=\"(max-width: 768px) 100vw, 768px\" alt=\"\" title=\"iso\" width=\"768\" height=\"512\"  \/><\/a>\n\t<\/div>\n<\/div>\n\n\n<div class=\"post-entry-content\">\n\n\t<h3 class=\"entry-title\">\n\t\t<a href=\"https:\/\/oliveirobra.pt\/fr\/pme-leader-2017\/\" title=\"PME leader&rsquo; 2017\" rel=\"bookmark\">PME leader&rsquo; 2017<\/a>\n\t<\/h3>\n\n\t<div class=\"entry-meta\"><span class=\"category-link\"><a href=\"https:\/\/oliveirobra.pt\/fr\/category\/nouvelles-fr\/\" >Nouvelles<\/a><\/span><\/div>\n\t<div class=\"entry-excerpt\"><p>[vc_row][vc_column width=\u00a0\u00bb1\/3&Prime;][vc_single_image image=\u00a0\u00bb2621&Prime; img_size=\u00a0\u00bblarge\u00a0\u00bb][\/vc_column][vc_column width=\u00a0\u00bb2\/3&Prime;][vc_column_text]C\u2019est avec une grande fiert\u00e9 que Oliveirobra-Constru\u00e7\u00f5es met\u00e1licas LDA annonce le prix du statut de leader PME en 2017 pour la deuxi\u00e8me ann\u00e9e cons\u00e9cutive[\/vc_column_text][\/vc_column][\/vc_row]<\/p>\n<\/div>\n\t\n<a href=\"https:\/\/oliveirobra.pt\/fr\/pme-leader-2017\/\" class=\"post-details details-type-link\" aria-label=\"Read more about PME leader&rsquo; 2017\">Ler Mais<i class=\"dt-icon-the7-arrow-03\" aria-hidden=\"true\"><\/i><\/a>\n\n<\/div><\/article><article class=\"post project-odd visible post-4342 type-post status-publish format-standard has-post-thumbnail hentry category-nouvelles-fr category-82 description-off\" data-name=\"PME leader 2016-attribution de statut\" data-date=\"2016-10-21T17:35:46+00:00\">\n\n<div class=\"post-thumbnail-wrap\">\n\t<div class=\"post-thumbnail\">\n\n\t\t\n\t\t\n\t\t<a href=\"https:\/\/oliveirobra.pt\/fr\/pme-leader-2016-attribution-de-statut\/\" class=\"post-thumbnail-rollover layzr-bg layzr-bg\" ><img decoding=\"async\" class=\"blog-thumb-lazy-load preload-me lazy-load aspect\" src=\"data:image\/svg+xml,%3Csvg%20xmlns%3D&#39;http%3A%2F%2Fwww.w3.org%2F2000%2Fsvg&#39;%20viewBox%3D&#39;0%200%20768%20512&#39;%2F%3E\" data-src=\"https:\/\/oliveirobra.pt\/wp-content\/uploads\/2016\/10\/lider2016-768x512.jpg\" data-srcset=\"https:\/\/oliveirobra.pt\/wp-content\/uploads\/2016\/10\/lider2016-768x512.jpg 768w, https:\/\/oliveirobra.pt\/wp-content\/uploads\/2016\/10\/lider2016-1000x666.jpg 1000w\" loading=\"eager\" style=\"--ratio: 768 \/ 512\" sizes=\"(max-width: 768px) 100vw, 768px\" alt=\"\" title=\"lider2016\" width=\"768\" height=\"512\"  \/><\/a>\n\t<\/div>\n<\/div>\n\n\n<div class=\"post-entry-content\">\n\n\t<h3 class=\"entry-title\">\n\t\t<a href=\"https:\/\/oliveirobra.pt\/fr\/pme-leader-2016-attribution-de-statut\/\" title=\"PME leader 2016-attribution de statut\" rel=\"bookmark\">PME leader 2016-attribution de statut<\/a>\n\t<\/h3>\n\n\t<div class=\"entry-meta\"><span class=\"category-link\"><a href=\"https:\/\/oliveirobra.pt\/fr\/category\/nouvelles-fr\/\" >Nouvelles<\/a><\/span><\/div>\n\t<div class=\"entry-excerpt\"><p>[vc_row][vc_column width=\u00a0\u00bb1\/3&Prime;][vc_single_image image=\u00a0\u00bb2622&Prime; img_size=\u00a0\u00bblarge\u00a0\u00bb][\/vc_column][vc_column width=\u00a0\u00bb2\/3&Prime;][vc_column_text]C\u2019est avec une grande fiert\u00e9 que Oliveirobra-Constru\u00e7\u00f5es met\u00e1licas LDA annonce l\u2019attribution du statut de PME leader 2016[\/vc_column_text][\/vc_column][\/vc_row]<\/p>\n<\/div>\n\t\n<a href=\"https:\/\/oliveirobra.pt\/fr\/pme-leader-2016-attribution-de-statut\/\" class=\"post-details details-type-link\" aria-label=\"Read more about PME leader 2016-attribution de statut\">Ler Mais<i class=\"dt-icon-the7-arrow-03\" aria-hidden=\"true\"><\/i><\/a>\n\n<\/div><\/article><article class=\"post project-odd visible post-4348 type-post status-publish format-standard has-post-thumbnail hentry category-nouvelles-fr category-82 description-off\" data-name=\"PME excellence 2016\" data-date=\"2016-07-06T11:24:21+00:00\">\n\n<div class=\"post-thumbnail-wrap\">\n\t<div class=\"post-thumbnail\">\n\n\t\t\n\t\t\n\t\t<a href=\"https:\/\/oliveirobra.pt\/fr\/pme-excellence-2016\/\" class=\"post-thumbnail-rollover layzr-bg layzr-bg\" ><img decoding=\"async\" class=\"blog-thumb-lazy-load preload-me lazy-load aspect\" src=\"data:image\/svg+xml,%3Csvg%20xmlns%3D&#39;http%3A%2F%2Fwww.w3.org%2F2000%2Fsvg&#39;%20viewBox%3D&#39;0%200%20768%20512&#39;%2F%3E\" data-src=\"https:\/\/oliveirobra.pt\/wp-content\/uploads\/2018\/09\/pme_exc-768x512.jpg\" data-srcset=\"https:\/\/oliveirobra.pt\/wp-content\/uploads\/2018\/09\/pme_exc-768x512.jpg 768w, https:\/\/oliveirobra.pt\/wp-content\/uploads\/2018\/09\/pme_exc-960x639.jpg 960w\" loading=\"eager\" style=\"--ratio: 768 \/ 512\" sizes=\"(max-width: 768px) 100vw, 768px\" alt=\"\" title=\"pme_exc\" width=\"768\" height=\"512\"  \/><\/a>\n\t<\/div>\n<\/div>\n\n\n<div class=\"post-entry-content\">\n\n\t<h3 class=\"entry-title\">\n\t\t<a href=\"https:\/\/oliveirobra.pt\/fr\/pme-excellence-2016\/\" title=\"PME excellence 2016\" rel=\"bookmark\">PME excellence 2016<\/a>\n\t<\/h3>\n\n\t<div class=\"entry-meta\"><span class=\"category-link\"><a href=\"https:\/\/oliveirobra.pt\/fr\/category\/nouvelles-fr\/\" >Nouvelles<\/a><\/span><\/div>\n\t<div class=\"entry-excerpt\"><p>[vc_row][vc_column width=\u00a0\u00bb1\/3&Prime;][vc_single_image image=\u00a0\u00bb2775&Prime; img_size=\u00a0\u00bblarge\u00a0\u00bb][\/vc_column][vc_column width=\u00a0\u00bb2\/3&Prime;][vc_column_text]C\u2019est avec une grande fiert\u00e9 que Oliveirobra-Constru\u00e7\u00f5es Met\u00e1licas LDA annonce l\u2019attribution du statut d\u2019excellence des PME 2016.[\/vc_column_text][\/vc_column][\/vc_row]<\/p>\n<\/div>\n\t\n<a href=\"https:\/\/oliveirobra.pt\/fr\/pme-excellence-2016\/\" class=\"post-details details-type-link\" aria-label=\"Read more about PME excellence 2016\">Ler Mais<i class=\"dt-icon-the7-arrow-03\" aria-hidden=\"true\"><\/i><\/a>\n\n<\/div><\/article><article class=\"post project-odd visible post-4352 type-post status-publish format-standard has-post-thumbnail hentry category-nouvelles-fr category-82 description-off\" data-name=\"Oliveirobra pr\u00e9sent au Forum UE-CPLP\" data-date=\"2015-12-17T00:00:49+00:00\">\n\n<div class=\"post-thumbnail-wrap\">\n\t<div class=\"post-thumbnail\">\n\n\t\t\n\t\t\n\t\t<a href=\"https:\/\/oliveirobra.pt\/fr\/oliveirobra-present-au-forum-ue-cplp\/\" class=\"post-thumbnail-rollover layzr-bg layzr-bg\" ><img decoding=\"async\" class=\"blog-thumb-lazy-load preload-me lazy-load aspect\" src=\"data:image\/svg+xml,%3Csvg%20xmlns%3D&#39;http%3A%2F%2Fwww.w3.org%2F2000%2Fsvg&#39;%20viewBox%3D&#39;0%200%20768%20512&#39;%2F%3E\" data-src=\"https:\/\/oliveirobra.pt\/wp-content\/uploads\/2015\/12\/cplp-768x512.jpg\" data-srcset=\"https:\/\/oliveirobra.pt\/wp-content\/uploads\/2015\/12\/cplp-768x512.jpg 768w, https:\/\/oliveirobra.pt\/wp-content\/uploads\/2015\/12\/cplp-1000x666.jpg 1000w\" loading=\"eager\" style=\"--ratio: 768 \/ 512\" sizes=\"(max-width: 768px) 100vw, 768px\" alt=\"\" title=\"cplp\" width=\"768\" height=\"512\"  \/><\/a>\n\t<\/div>\n<\/div>\n\n\n<div class=\"post-entry-content\">\n\n\t<h3 class=\"entry-title\">\n\t\t<a href=\"https:\/\/oliveirobra.pt\/fr\/oliveirobra-present-au-forum-ue-cplp\/\" title=\"Oliveirobra pr\u00e9sent au Forum UE-CPLP\" rel=\"bookmark\">Oliveirobra pr\u00e9sent au Forum UE-CPLP<\/a>\n\t<\/h3>\n\n\t<div class=\"entry-meta\"><span class=\"category-link\"><a href=\"https:\/\/oliveirobra.pt\/fr\/category\/nouvelles-fr\/\" >Nouvelles<\/a><\/span><\/div>\n\t<div class=\"entry-excerpt\"><p>[vc_row][vc_column width=\u00a0\u00bb1\/3&Prime;][vc_single_image image=\u00a0\u00bb2634&Prime; img_size=\u00a0\u00bblarge\u00a0\u00bb][\/vc_column][vc_column width=\u00a0\u00bb2\/3&Prime;][vc_column_text]Les 17 et 18 d\u00e9cembre, l\u2019exposition du 2\u00e8me Forum UE-CPLP a eu lieu au parc d\u2019expositions de Braga, auquel Oliveirobra a particip\u00e9. Notre objectif est de donner une visibilit\u00e9 \u00e0 tous\u2026<\/p>\n<\/div>\n\t\n<a href=\"https:\/\/oliveirobra.pt\/fr\/oliveirobra-present-au-forum-ue-cplp\/\" class=\"post-details details-type-link\" aria-label=\"Read more about Oliveirobra pr\u00e9sent au Forum UE-CPLP\">Ler Mais<i class=\"dt-icon-the7-arrow-03\" aria-hidden=\"true\"><\/i><\/a>\n\n<\/div><\/article><\/div>[\/vc_column][\/vc_row]<\/p>\n<\/div>","protected":false},"excerpt":{"rendered":"<p>[vc_row type=\u00a0\u00bbvc_default\u00a0\u00bb full_width=\u00a0\u00bbstretch_row\u00a0\u00bb equal_height=\u00a0\u00bbyes\u00a0\u00bb][vc_column][\/vc_column][\/vc_row]<\/p>\n","protected":false},"author":1,"featured_media":0,"parent":0,"menu_order":0,"comment_status":"closed","ping_status":"closed","template":"","meta":{"footnotes":""},"class_list":["post-4647","page","type-page","status-publish","hentry","description-off"],"_links":{"self":[{"href":"https:\/\/oliveirobra.pt\/fr\/wp-json\/wp\/v2\/pages\/4647","targetHints":{"allow":["GET"]}}],"collection":[{"href":"https:\/\/oliveirobra.pt\/fr\/wp-json\/wp\/v2\/pages"}],"about":[{"href":"https:\/\/oliveirobra.pt\/fr\/wp-json\/wp\/v2\/types\/page"}],"author":[{"embeddable":true,"href":"https:\/\/oliveirobra.pt\/fr\/wp-json\/wp\/v2\/users\/1"}],"replies":[{"embeddable":true,"href":"https:\/\/oliveirobra.pt\/fr\/wp-json\/wp\/v2\/comments?post=4647"}],"version-history":[{"count":2,"href":"https:\/\/oliveirobra.pt\/fr\/wp-json\/wp\/v2\/pages\/4647\/revisions"}],"predecessor-version":[{"id":8778,"href":"https:\/\/oliveirobra.pt\/fr\/wp-json\/wp\/v2\/pages\/4647\/revisions\/8778"}],"wp:attachment":[{"href":"https:\/\/oliveirobra.pt\/fr\/wp-json\/wp\/v2\/media?parent=4647"}],"curies":[{"name":"wp","href":"https:\/\/api.w.org\/{rel}","templated":true}]}}